{"id":131,"date":"2014-09-03T22:03:49","date_gmt":"2014-09-03T21:03:49","guid":{"rendered":"http:\/\/localhost\/Poisvilliers\/?page_id=131"},"modified":"2021-05-21T10:57:03","modified_gmt":"2021-05-21T09:57:03","slug":"le-nom-des-rues","status":"publish","type":"page","link":"http:\/\/www.poisvilliers.fr\/?page_id=131","title":{"rendered":"Le nom des rues"},"content":{"rendered":"<p class=\"hide-if-no-js\"><a id=\"set-post-thumbnail\" class=\"thickbox\" title=\"Mettre une image \u00e0 la Une\" href=\"http:\/\/poisvillnq.cluster011.ovh.net\/wp-admin\/media-upload.php?post_id=131&amp;type=image&amp;TB_iframe=1\"><img loading=\"lazy\" class=\"attachment-post-thumbnail aligncenter\" src=\"http:\/\/poisvillnq.cluster011.ovh.net\/wp-content\/uploads\/2014\/08\/28-Poisvilliers-BLASON1.jpg\" alt=\"28 Poisvilliers BLASON\" width=\"93\" height=\"121\" \/><\/a><\/p>\n<p>Au printemps 1971, l\u2019administration des postes nommait un nouveau pr\u00e9pos\u00e9 pour apporter bonnes et mauvaises nouvelles aux Poisvillois.<br \/>\nApr\u00e8s quelques semaines d\u2019exercices, le nouveau facteur se trouve confront\u00e9 \u00e0 de nombreuses r\u00e9clamations de personnes qui re\u00e7oivent les courriers concernant les voisins, les amis ou autres villageois.<br \/>\nC\u2019est \u00e0 sa demande que le conseil municipal d\u00e9cide d\u2019attribuer des noms de rues. Dans sa s\u00e9ance du 06 Aout 1971, sont attribu\u00e9s les noms de rue suivants:<\/p>\n<p style=\"text-align: center;\"><span style=\"text-decoration: underline;\"><strong>La rue du village:<\/strong><\/span><\/p>\n<p style=\"text-align: center;\">Son nom s\u2019impose naturellement puisqu\u2019elle traverse la totalit\u00e9 de la commune. Elle d\u00e9bute \u00e0 l\u2019ancienne route de Chartres et chemine dans la direction de Berch\u00e8res.<\/p>\n<p style=\"text-align: center;\"><span style=\"text-decoration: underline;\"><strong>La rue des Lilas:<\/strong><\/span><\/p>\n<p style=\"text-align: center;\">Elle doit son nom \u00e0 une parcelle de terres o\u00f9 fleurissaient au printemps de nombreux lilas.<\/p>\n<p style=\"text-align: center;\"><span style=\"text-decoration: underline;\"><strong>La rue de la Forte Maison:<\/strong><\/span><\/p>\n<p style=\"text-align: center;\">Cette rue m\u00e8ne \u00e0 Saint-Prest, o\u00f9 s\u2019\u00e9l\u00e8ve d\u00e9s l\u2019entr\u00e9e du village, une maison de ma\u00eetre qui porte le nom de Forte Maison.<\/p>\n<p style=\"text-align: center;\"><span style=\"text-decoration: underline;\"><strong>La rue du grand sentier:<\/strong><\/span><\/p>\n<p style=\"text-align: center;\">Autrefois, le chemin qui la prolonge et qui rejoint le rue de la forte maison, portait ce nom.<\/p>\n<p style=\"text-align: center;\"><span style=\"text-decoration: underline;\"><strong>La rue du Ch\u00e2teau d\u2019eau:<\/strong><\/span><br \/>\nSon nom s\u2019imposait.<\/p>\n<p style=\"text-align: center;\"><span style=\"text-decoration: underline;\"><strong>L\u2019impasse des chasseurs:<\/strong><\/span><\/p>\n<p style=\"text-align: center;\">C\u2019est par cette impasse que rentraient les chasseurs qui se donnaient rendez-vous au caf\u00e9 du village.<\/p>\n<p style=\"text-align: center;\"><span style=\"text-decoration: underline;\"><strong>L\u2019all\u00e9e aux bouleaux:<\/strong><\/span><\/p>\n<p style=\"text-align: center;\">A cette \u00e9poque, elle en \u00e9tait bord\u00e9e.<\/p>\n<p style=\"text-align: center;\"><span style=\"text-decoration: underline;\"><strong>La rue de la cordonnerie:<\/strong><\/span><\/p>\n<p style=\"text-align: center;\">Elle a toujours port\u00e9 ce nom. Mais nous ne connaissons pas, \u00e0 ce jour, son origine.<\/p>\n<p style=\"text-align: center;\"><span style=\"text-decoration: underline;\"><strong>L\u2019all\u00e9e de la forge:<\/strong><\/span><\/p>\n<p style=\"text-align: center;\">Elle passe derri\u00e8re l\u2019ancienne forge du village.<\/p>\n<p>Quand \u00e0 la petite derni\u00e8re, dans le bulletin municipal de 1998, le conseil consultait les habitants pour la baptiser. Elle s\u2019appelle \u00ab\u00a0La rue de Luets\u00a0\u00bb. C\u2019est le nom des parcelles de terres agricoles dans lesquelles le nouveau lotissement s\u2019est implant\u00e9.<\/p>\n","protected":false},"excerpt":{"rendered":"<p>Au printemps 1971, l\u2019administration des postes nommait un nouveau pr\u00e9pos\u00e9 pour apporter bonnes et mauvaises nouvelles aux Poisvillois. Apr\u00e8s quelques semaines d\u2019exercices, le nouveau facteur se trouve confront\u00e9 \u00e0 de &hellip; <a class=\"readmore\" href=\"http:\/\/www.poisvilliers.fr\/?page_id=131\">Continue Reading &rarr;<\/a><\/p>\n","protected":false},"author":1,"featured_media":102,"parent":88,"menu_order":0,"comment_status":"closed","ping_status":"closed","template":"","meta":[],"_links":{"self":[{"href":"http:\/\/www.poisvilliers.fr\/index.php?rest_route=\/wp\/v2\/pages\/131"}],"collection":[{"href":"http:\/\/www.poisvilliers.fr\/index.php?rest_route=\/wp\/v2\/pages"}],"about":[{"href":"http:\/\/www.poisvilliers.fr\/index.php?rest_route=\/wp\/v2\/types\/page"}],"author":[{"embeddable":true,"href":"http:\/\/www.poisvilliers.fr\/index.php?rest_route=\/wp\/v2\/users\/1"}],"replies":[{"embeddable":true,"href":"http:\/\/www.poisvilliers.fr\/index.php?rest_route=%2Fwp%2Fv2%2Fcomments&post=131"}],"version-history":[{"count":4,"href":"http:\/\/www.poisvilliers.fr\/index.php?rest_route=\/wp\/v2\/pages\/131\/revisions"}],"predecessor-version":[{"id":318,"href":"http:\/\/www.poisvilliers.fr\/index.php?rest_route=\/wp\/v2\/pages\/131\/revisions\/318"}],"up":[{"embeddable":true,"href":"http:\/\/www.poisvilliers.fr\/index.php?rest_route=\/wp\/v2\/pages\/88"}],"wp:featuredmedia":[{"embeddable":true,"href":"http:\/\/www.poisvilliers.fr\/index.php?rest_route=\/wp\/v2\/media\/102"}],"wp:attachment":[{"href":"http:\/\/www.poisvilliers.fr\/index.php?rest_route=%2Fwp%2Fv2%2Fmedia&parent=131"}],"curies":[{"name":"wp","href":"https:\/\/api.w.org\/{rel}","templated":true}]}}