{"id":112,"date":"2014-09-03T21:52:35","date_gmt":"2014-09-03T20:52:35","guid":{"rendered":"http:\/\/localhost\/Poisvilliers\/?page_id=112"},"modified":"2022-06-20T10:46:59","modified_gmt":"2022-06-20T09:46:59","slug":"les-commissions","status":"publish","type":"page","link":"http:\/\/www.poisvilliers.fr\/?page_id=112","title":{"rendered":"Les commissions et d\u00e9l\u00e9gu\u00e9s"},"content":{"rendered":"<h3 style=\"text-align: center;\"><strong>COMMISSIONS<\/strong><\/h3>\n<p style=\"text-align: center;\"><strong>Urbanisme\/Voirie\/B\u00e2timents\/Espaces Verts<\/strong><br \/>\n<span style=\"text-decoration: underline;\">Pr\u00e9sident\u00a0<\/span>: Marie BOURGEOT\u00a0 \u00a0<span style=\"text-decoration: underline;\">Vice pr\u00e9sident\u00a0<\/span>: Fabrice DIEU<br \/>\n<span style=\"text-decoration: underline;\">Membres de la Commission\u00a0<\/span>: Philippe BRUCH, Elodie CADIOU, Bruno DEHAYE, Fabienne DUPIN, St\u00e9phanie JEULIN<\/p>\n<p style=\"text-align: center;\"><strong>Finances<\/strong><br \/>\n<span style=\"text-decoration: underline;\">Pr\u00e9sident\u00a0<\/span>: Marie BOURGEOT\u00a0 \u00a0\u00a0<span style=\"text-decoration: underline;\">Vice pr\u00e9sident\u00a0<\/span>: Thierry Pascal<br \/>\n<span style=\"text-decoration: underline;\">Membres de la Commission\u00a0<\/span>: Fabrice DIEU, J\u00e9r\u00f4me PIRIOU, Philippe BRUCH<\/p>\n<p style=\"text-align: center;\"><strong>F\u00eates et c\u00e9r\u00e9monies\/Communication\/Social<\/strong><br \/>\n<span style=\"text-decoration: underline;\">Pr\u00e9sident :<\/span> Marie BOURGEOT\u00a0 \u00a0 \u00a0 \u00a0<span style=\"text-decoration: underline;\">Vice pr\u00e9sident\u00a0<\/span>: Fabienne DUPIN<br \/>\n<span style=\"text-decoration: underline;\">Membres de la Commission :<\/span> Elodie CADIOU, Bruno DEHAYE, St\u00e9phanie JEULIN, Corinne RIGAUD<\/p>\n<h3 style=\"text-align: center;\"><strong>CHARTRES METROPOLE<\/strong><\/h3>\n<p style=\"text-align: center;\"><strong>SPL Chartres Am\u00e9nagement<\/strong><br \/>\n<span style=\"text-decoration: underline;\">Repr\u00e9sentant :<\/span>\u00a0Fabrice DIEU<\/p>\n<p style=\"text-align: center;\"><strong>Commission locale d&rsquo;\u00e9valuation des transfert de charges (CLECT)<\/strong><br \/>\n<span style=\"text-decoration: underline;\">D\u00e9l\u00e9gu\u00e9 :<\/span>\u00a0Thierry PASCAL<\/p>\n<p style=\"text-align: center;\"><strong>Conseil intercommunal de s\u00e9curit\u00e9 et de pr\u00e9vention de la d\u00e9linquance (CISPD)<\/strong><br \/>\n<span style=\"text-decoration: underline;\">D\u00e9l\u00e9gu\u00e9 en titre\u00a0<\/span>: Marie BOURGEOT (Maire)<br \/>\n<span style=\"text-decoration: underline;\">D\u00e9l\u00e9gu\u00e9 suppl\u00e9ant :<\/span>\u00a0Elodie CADIOU<\/p>\n<p style=\"text-align: center;\"><strong>Repr\u00e9sentant \u00a0\u00bb VELO\u00a0\u00bb<\/strong><br \/>\nCorinne RIGAUD<\/p>\n<h3 style=\"text-align: center;\"><strong>DELEGUES<\/strong><\/h3>\n<p style=\"text-align: center;\"><strong>Syndicats D\u00e9l\u00e9gu\u00e9s du Syndicat Intercommunal de la r\u00e9gion de Fresnay le Gilmert (SIA)<\/strong><br \/>\n<span style=\"text-decoration: underline;\">Titulaires<\/span>: Mme. Marie BOURGEOT ; M. Fabrice DIEU<br \/>\n<span style=\"text-decoration: underline;\">Suppl\u00e9ant<\/span>: M. Philippe BRUCH<\/p>\n<p style=\"text-align: center;\"><strong>Syndicats Intercommunal de Regroupement P\u00e9dagogique et de Ramassage Scolaire de Berch\u00e8res-Saint-Germain \/ Poisvilliers (SIRP)<\/strong><br \/>\n<span style=\"text-decoration: underline;\">Titulaires\u00a0<\/span>: Mmes Marie BOURGEOT, Elodie CADIOU, Messieurs Philippe BRUCH, Fabrice DIEU, Thierry PASCAL<br \/>\n<span style=\"text-decoration: underline;\">Suppl\u00e9ant :<\/span> Mme St\u00e9phanie JEULIN,<\/p>\n<p style=\"text-align: center;\"><strong>D\u00e9l\u00e9gu\u00e9s Comit\u00e9 Local d\u2019Animation et de d\u00e9veloppement (CLAD)r\u00e9gion centre<\/strong><br \/>\n<span style=\"text-decoration: underline;\">Titulaire<\/span>: Mme. Fabienne DUPIN<\/p>\n<p style=\"text-align: center;\">\n<strong>CORRESPONDANTS<\/strong><\/p>\n<p style=\"text-align: center;\"><span style=\"text-decoration: underline;\">Correspondant D\u00e9fense :<\/span> M. Bruno DEHAYE<\/p>\n<p style=\"text-align: center;\"><span style=\"text-decoration: underline;\">Correspondant Environnement\u00a0<\/span>: M. Fabrice DIEU<\/p>\n<p style=\"text-align: center;\"><span style=\"text-decoration: underline;\">Correspondant Culture\u00a0<\/span>: Mme. St\u00e9phanie JEULIN<\/p>\n<p style=\"text-align: center; padding-left: 30px;\"><span style=\"text-decoration: underline;\">Correspondant S\u00e9curit\u00e9 routi\u00e8re\u00a0<\/span>: M. Philippe BRUCH<\/p>\n<p style=\"text-align: center;\"><span style=\"text-decoration: underline;\">Correspondant ADAPEI28\u00a0<\/span>: M. Philippe BRUCH<\/p>\n<p style=\"text-align: center;\">\n","protected":false},"excerpt":{"rendered":"<p>COMMISSIONS Urbanisme\/Voirie\/B\u00e2timents\/Espaces Verts Pr\u00e9sident\u00a0: Marie BOURGEOT\u00a0 \u00a0Vice pr\u00e9sident\u00a0: Fabrice DIEU Membres de la Commission\u00a0: Philippe BRUCH, Elodie CADIOU, Bruno DEHAYE, Fabienne DUPIN, St\u00e9phanie JEULIN Finances Pr\u00e9sident\u00a0: Marie BOURGEOT\u00a0 \u00a0\u00a0Vice pr\u00e9sident\u00a0: &hellip; <a class=\"readmore\" href=\"http:\/\/www.poisvilliers.fr\/?page_id=112\">Continue Reading &rarr;<\/a><\/p>\n","protected":false},"author":1,"featured_media":0,"parent":0,"menu_order":0,"comment_status":"closed","ping_status":"open","template":"","meta":[],"_links":{"self":[{"href":"http:\/\/www.poisvilliers.fr\/index.php?rest_route=\/wp\/v2\/pages\/112"}],"collection":[{"href":"http:\/\/www.poisvilliers.fr\/index.php?rest_route=\/wp\/v2\/pages"}],"about":[{"href":"http:\/\/www.poisvilliers.fr\/index.php?rest_route=\/wp\/v2\/types\/page"}],"author":[{"embeddable":true,"href":"http:\/\/www.poisvilliers.fr\/index.php?rest_route=\/wp\/v2\/users\/1"}],"replies":[{"embeddable":true,"href":"http:\/\/www.poisvilliers.fr\/index.php?rest_route=%2Fwp%2Fv2%2Fcomments&post=112"}],"version-history":[{"count":11,"href":"http:\/\/www.poisvilliers.fr\/index.php?rest_route=\/wp\/v2\/pages\/112\/revisions"}],"predecessor-version":[{"id":1353,"href":"http:\/\/www.poisvilliers.fr\/index.php?rest_route=\/wp\/v2\/pages\/112\/revisions\/1353"}],"wp:attachment":[{"href":"http:\/\/www.poisvilliers.fr\/index.php?rest_route=%2Fwp%2Fv2%2Fmedia&parent=112"}],"curies":[{"name":"wp","href":"https:\/\/api.w.org\/{rel}","templated":true}]}}